{"id":2,"date":"2025-03-11T10:15:04","date_gmt":"2025-03-11T09:15:04","guid":{"rendered":"https:\/\/www.alcudia-boat-rental.com\/yacht-charter-mallorca\/?page_id=2"},"modified":"2026-04-17T23:40:54","modified_gmt":"2026-04-17T21:40:54","slug":"alquiler-yates-mallorca-2-2","status":"publish","type":"page","link":"https:\/\/www.alcudia-boat-rental.com\/yacht-charter-mallorca\/","title":{"rendered":"Home"},"content":{"rendered":"\n\n\n<div id=\"block-home-hero-block_04f0eb7a123a9c20790cda5d5e8029a7\" class=\"block-home-hero\">\n    <div class=\"video-container\">\n        <video autoplay=\"\" muted=\"\" loop=\"\" id=\"video-background\">\n              <source src=\"https:\/\/www.alcudia-boat-rental.com\/yacht-charter-mallorca\/wp-content\/uploads\/2025\/03\/CABECERA3.mp4\" type=\"video\/mp4\">\n              Tu navegador no soporta videos HTML5.\n        <\/video>\n        <div class=\"velo\"><\/div>\n        <div class=\"texto-content\">\n\n                <div class=\"control-text\">\n                   \n                    <p class=\"title\">Alquiler de yates en Mallorca<\/p>\n                   \n                                                <a class=\"button-outline\" href=\"#yates\" target=\"_self\">Escoja su yate<\/a>\n                                        <\/div>\n\n        <\/div>\n    <\/div>\n<\/div>\n\n\n\n\n<section class=\"wp-block-group section-home-first\"><div class=\"wp-block-group__inner-container is-layout-constrained wp-block-group-is-layout-constrained\">\n<header class=\"wp-block-group title-content\"><div class=\"wp-block-group__inner-container is-layout-constrained wp-block-group-is-layout-constrained\">\n<div class=\"wp-block-columns are-vertically-aligned-center is-not-stacked-on-mobile is-layout-flex wp-container-core-columns-is-layout-9d6595d7 wp-block-columns-is-layout-flex\">\n<div class=\"wp-block-column is-vertically-aligned-center is-layout-flow wp-block-column-is-layout-flow\" style=\"flex-basis:80px\">\n<figure class=\"wp-block-image size-full\"><a href=\"http:\/\/www.alcudia-boat-rental.com\/preguntas-frecuentes-yates\/\" target=\"_blank\" rel=\" noreferrer noopener nofollow\"><img decoding=\"async\" width=\"80\" height=\"60\" data-src=\"https:\/\/www.alcudia-boat-rental.com\/yacht-charter-mallorca\/wp-content\/smush-webp\/2025\/03\/alcudia-anagrama.png.webp\" alt=\"\" class=\"wp-image-37 lazyload\" title=\"\" src=\"data:image\/svg+xml;base64,PHN2ZyB3aWR0aD0iMSIgaGVpZ2h0PSIxIiB4bWxucz0iaHR0cDovL3d3dy53My5vcmcvMjAwMC9zdmciPjwvc3ZnPg==\" style=\"--smush-placeholder-width: 80px; --smush-placeholder-aspect-ratio: 80\/60;\"><\/a><\/figure>\n<\/div>\n\n\n\n<div class=\"wp-block-column is-vertically-aligned-center is-layout-flow wp-block-column-is-layout-flow\" style=\"flex-basis:66.66%\">\n<h1 class=\"wp-block-heading\">Alquiler de yates de lujo en Mallorca<\/h1>\n<\/div>\n<\/div>\n<\/div><\/header>\n\n\n\n<div class=\"wp-block-group texto-interior\"><div class=\"wp-block-group__inner-container is-layout-constrained wp-block-group-is-layout-constrained\">\n<p><em>Alcudia Bay Boat Rental pone a su disposici\u00f3n una amplia selecci\u00f3n de yates de lujo para&nbsp;alquilar en Mallorca, especialmente en la bah\u00eda de Alcudia. Nuestros yates no solo destacan por su belleza y lujo, sino tambi\u00e9n por estar a la vanguardia tecnol\u00f3gica, los cuales le llevar\u00e1n a universos extraordinarios mientras usted se lleva a sus seres queridos. Con el fin de aportar experiencias inolvidables, Alcudia bay boat rental cuida hasta el m\u00e1s m\u00ednimo detalle para que&nbsp;usted pueda surcar los mares sintiendo lo singular y excepcional que solo Mallorca le puede&nbsp;ofrecer. \u00a1\u00a1Experimente la belleza de Mallorca alquilando uno de nuestros yates de lujo y&nbsp;escape de la rutina, permiti\u00e9ndonos a nosotros ocuparnos de usted!!<\/em><\/p>\n<\/div><\/div>\n<\/div><\/section>\n\n\n\n<div id=\"yates\" class=\"wp-block-group\"><div class=\"wp-block-group__inner-container is-layout-constrained wp-block-group-is-layout-constrained\">\n\n\n<div id=\"block-listado-yates-block_ac84cb838bf0d7be32c8b074493d0e4d\" class=\"block-listado-yates\">\n\n    <div class=\"control-columns\">\n        \n            <div class=\"single-yate lazyload\" style=\"background-image:inherit\" data-bg-image=\"url(https:\/\/www.alcudia-boat-rental.com\/yacht-charter-mallorca\/wp-content\/uploads\/2026\/02\/princess-s62-alcudia-bay-boat-rental-mallorca-1-scaled.jpg)\">\n                <a aria-label=\"Princess S62\" href=\"https:\/\/www.alcudia-boat-rental.com\/yacht-charter-mallorca\/alquila-en-pollensa-el-yate-princess-s62\/\"><\/a>\n\n                <div class=\"text-content text-content--es\">\n                    <p class=\"title\">Princess S62<\/p>\n                    <i class=\"fa-solid fa-caret-down\"><\/i>\n                    <div class=\"control-features\">\n                        <div class=\"single-feature\">\n                            <p><span>Eslora:<\/span> 19m<\/p>\n                        <\/div>\n                        <div class=\"single-feature\">\n                            <p><span>Camarotes:<\/span> 3<\/p>\n                        <\/div>\n                        <div class=\"single-feature\">\n                            <p><span>Desde:<\/span> 4010 \u20ac <\/p>\n                        <\/div>\n                        <div class=\"single-feature capacidad\">\n                            <p><span>Capacidad:<\/span> 6 (Noche) 12 (d\u00eda)<\/p>\n                        <\/div>\n                        <div class=\"single-feature capacidad\">\n                            <p><span>Puerto:<\/span> Pollensa<\/p>\n                        <\/div>\n                    <\/div>\n                <\/div>\n\n            <\/div>\n\n            <div class=\"single-yate-mobile\">\n                <div class=\"image lazyload\" style=\"background-image:inherit\" data-bg-image=\"url(https:\/\/www.alcudia-boat-rental.com\/yacht-charter-mallorca\/wp-content\/uploads\/2026\/02\/princess-s62-alcudia-bay-boat-rental-mallorca-1-scaled.jpg)\"><\/div>\n                <div class=\"text\">\n                    <p class=\"title\">Princess S62<\/p>\n                    <div class=\"control-features\">\n                        <div class=\"single-feature\">\n                            <p><span>Eslora:<\/span> 19m<\/p>\n                        <\/div>\n                        <div class=\"single-feature\">\n                            <p><span>Camarotes:<\/span> 3<\/p>\n                        <\/div>\n                        <div class=\"single-feature\">\n                            <p><span>Desde:<\/span> 4010 \u20ac <\/p>\n                        <\/div>\n                        <div class=\"single-feature capacidad\">\n                            <p><span>Capacidad:<\/span> 6 (Noche) 12 (d\u00eda)<\/p>\n                        <\/div>\n                        <div class=\"single-feature capacidad\">\n                            <p><span>Puerto:<\/span> Pollensa<\/p>\n                        <\/div>\n                    <\/div>\n                    <div class=\"button-container\">\n                        <a class=\"button\" href=\"https:\/\/www.alcudia-boat-rental.com\/yacht-charter-mallorca\/alquila-en-pollensa-el-yate-princess-s62\/\">\n                            Ver detalles                        <\/a>\n                    <\/div>\n                <\/div>\n            <\/div>\n\n        \n            <div class=\"single-yate lazyload\" style=\"background-image:inherit\" data-bg-image=\"url(https:\/\/www.alcudia-boat-rental.com\/yacht-charter-mallorca\/wp-content\/uploads\/2026\/02\/sunseeker-superhawk-55-alcudia-bay-boat-rental-mallorca-18-scaled.jpg)\">\n                <a aria-label=\"SUNSEEKER SUPERHAWK 55 \" href=\"https:\/\/www.alcudia-boat-rental.com\/yacht-charter-mallorca\/alquila-yate-sunseeker-superhawk55-pollensa\/\"><\/a>\n\n                <div class=\"text-content text-content--es\">\n                    <p class=\"title\">SUNSEEKER SUPERHAWK 55 <\/p>\n                    <i class=\"fa-solid fa-caret-down\"><\/i>\n                    <div class=\"control-features\">\n                        <div class=\"single-feature\">\n                            <p><span>Eslora:<\/span> 17m<\/p>\n                        <\/div>\n                        <div class=\"single-feature\">\n                            <p><span>Camarotes:<\/span> 2<\/p>\n                        <\/div>\n                        <div class=\"single-feature\">\n                            <p><span>Desde:<\/span> 3400\u20ac<\/p>\n                        <\/div>\n                        <div class=\"single-feature capacidad\">\n                            <p><span>Capacidad:<\/span> 4 (Noche) 10 (d\u00eda)<\/p>\n                        <\/div>\n                        <div class=\"single-feature capacidad\">\n                            <p><span>Puerto:<\/span> Pollensa<\/p>\n                        <\/div>\n                    <\/div>\n                <\/div>\n\n            <\/div>\n\n            <div class=\"single-yate-mobile\">\n                <div class=\"image lazyload\" style=\"background-image:inherit\" data-bg-image=\"url(https:\/\/www.alcudia-boat-rental.com\/yacht-charter-mallorca\/wp-content\/uploads\/2026\/02\/sunseeker-superhawk-55-alcudia-bay-boat-rental-mallorca-18-scaled.jpg)\"><\/div>\n                <div class=\"text\">\n                    <p class=\"title\">SUNSEEKER SUPERHAWK 55 <\/p>\n                    <div class=\"control-features\">\n                        <div class=\"single-feature\">\n                            <p><span>Eslora:<\/span> 17m<\/p>\n                        <\/div>\n                        <div class=\"single-feature\">\n                            <p><span>Camarotes:<\/span> 2<\/p>\n                        <\/div>\n                        <div class=\"single-feature\">\n                            <p><span>Desde:<\/span> 3400\u20ac<\/p>\n                        <\/div>\n                        <div class=\"single-feature capacidad\">\n                            <p><span>Capacidad:<\/span> 4 (Noche) 10 (d\u00eda)<\/p>\n                        <\/div>\n                        <div class=\"single-feature capacidad\">\n                            <p><span>Puerto:<\/span> Pollensa<\/p>\n                        <\/div>\n                    <\/div>\n                    <div class=\"button-container\">\n                        <a class=\"button\" href=\"https:\/\/www.alcudia-boat-rental.com\/yacht-charter-mallorca\/alquila-yate-sunseeker-superhawk55-pollensa\/\">\n                            Ver detalles                        <\/a>\n                    <\/div>\n                <\/div>\n            <\/div>\n\n        \n            <div class=\"single-yate lazyload\" style=\"background-image:inherit\" data-bg-image=\"url(https:\/\/www.alcudia-boat-rental.com\/yacht-charter-mallorca\/wp-content\/uploads\/2026\/02\/fjord-39-xl-photo-exterieur-2024-fjord-39xl_5835432363457767019_2000.webp)\">\n                <a aria-label=\"FJORD 39XL \" href=\"https:\/\/www.alcudia-boat-rental.com\/yacht-charter-mallorca\/alquila-yate-fjord-39xl-pollensa\/\"><\/a>\n\n                <div class=\"text-content text-content--es\">\n                    <p class=\"title\">FJORD 39XL <\/p>\n                    <i class=\"fa-solid fa-caret-down\"><\/i>\n                    <div class=\"control-features\">\n                        <div class=\"single-feature\">\n                            <p><span>Eslora:<\/span> 12m<\/p>\n                        <\/div>\n                        <div class=\"single-feature\">\n                            <p><span>Camarotes:<\/span> 1<\/p>\n                        <\/div>\n                        <div class=\"single-feature\">\n                            <p><span>Desde:<\/span> 2630\u20ac\/dia<\/p>\n                        <\/div>\n                        <div class=\"single-feature capacidad\">\n                            <p><span>Capacidad:<\/span> 11<\/p>\n                        <\/div>\n                        <div class=\"single-feature capacidad\">\n                            <p><span>Puerto:<\/span> Pollensa<\/p>\n                        <\/div>\n                    <\/div>\n                <\/div>\n\n            <\/div>\n\n            <div class=\"single-yate-mobile\">\n                <div class=\"image lazyload\" style=\"background-image:inherit\" data-bg-image=\"url(https:\/\/www.alcudia-boat-rental.com\/yacht-charter-mallorca\/wp-content\/uploads\/2026\/02\/fjord-39-xl-photo-exterieur-2024-fjord-39xl_5835432363457767019_2000.webp)\"><\/div>\n                <div class=\"text\">\n                    <p class=\"title\">FJORD 39XL <\/p>\n                    <div class=\"control-features\">\n                        <div class=\"single-feature\">\n                            <p><span>Eslora:<\/span> 12m<\/p>\n                        <\/div>\n                        <div class=\"single-feature\">\n                            <p><span>Camarotes:<\/span> 1<\/p>\n                        <\/div>\n                        <div class=\"single-feature\">\n                            <p><span>Desde:<\/span> 2630\u20ac\/dia<\/p>\n                        <\/div>\n                        <div class=\"single-feature capacidad\">\n                            <p><span>Capacidad:<\/span> 11<\/p>\n                        <\/div>\n                        <div class=\"single-feature capacidad\">\n                            <p><span>Puerto:<\/span> Pollensa<\/p>\n                        <\/div>\n                    <\/div>\n                    <div class=\"button-container\">\n                        <a class=\"button\" href=\"https:\/\/www.alcudia-boat-rental.com\/yacht-charter-mallorca\/alquila-yate-fjord-39xl-pollensa\/\">\n                            Ver detalles                        <\/a>\n                    <\/div>\n                <\/div>\n            <\/div>\n\n        \n            <div class=\"single-yate lazyload\" style=\"background-image:inherit\" data-bg-image=\"url(https:\/\/www.alcudia-boat-rental.com\/yacht-charter-mallorca\/wp-content\/uploads\/2025\/03\/Luna-Rent-Yacht-Mallorca-019.jpg)\">\n                <a aria-label=\"Princess 67 Flys\" href=\"https:\/\/www.alcudia-boat-rental.com\/yacht-charter-mallorca\/alquiler-yate-alcudia-princess-67-fly\/\"><\/a>\n\n                <div class=\"text-content text-content--es\">\n                    <p class=\"title\">Princess 67 Flys<\/p>\n                    <i class=\"fa-solid fa-caret-down\"><\/i>\n                    <div class=\"control-features\">\n                        <div class=\"single-feature\">\n                            <p><span>Eslora:<\/span> 23M<\/p>\n                        <\/div>\n                        <div class=\"single-feature\">\n                            <p><span>Camarotes:<\/span> 3<\/p>\n                        <\/div>\n                        <div class=\"single-feature\">\n                            <p><span>Desde:<\/span> 2000\u20ac<\/p>\n                        <\/div>\n                        <div class=\"single-feature capacidad\">\n                            <p><span>Capacidad:<\/span> 6 (Noche) 12 (d\u00eda)<\/p>\n                        <\/div>\n                        <div class=\"single-feature capacidad\">\n                            <p><span>Puerto:<\/span> Alcudia<\/p>\n                        <\/div>\n                    <\/div>\n                <\/div>\n\n            <\/div>\n\n            <div class=\"single-yate-mobile\">\n                <div class=\"image lazyload\" style=\"background-image:inherit\" data-bg-image=\"url(https:\/\/www.alcudia-boat-rental.com\/yacht-charter-mallorca\/wp-content\/uploads\/2025\/03\/Luna-Rent-Yacht-Mallorca-019.jpg)\"><\/div>\n                <div class=\"text\">\n                    <p class=\"title\">Princess 67 Flys<\/p>\n                    <div class=\"control-features\">\n                        <div class=\"single-feature\">\n                            <p><span>Eslora:<\/span> 23M<\/p>\n                        <\/div>\n                        <div class=\"single-feature\">\n                            <p><span>Camarotes:<\/span> 3<\/p>\n                        <\/div>\n                        <div class=\"single-feature\">\n                            <p><span>Desde:<\/span> 2000\u20ac<\/p>\n                        <\/div>\n                        <div class=\"single-feature capacidad\">\n                            <p><span>Capacidad:<\/span> 6 (Noche) 12 (d\u00eda)<\/p>\n                        <\/div>\n                        <div class=\"single-feature capacidad\">\n                            <p><span>Puerto:<\/span> Alcudia<\/p>\n                        <\/div>\n                    <\/div>\n                    <div class=\"button-container\">\n                        <a class=\"button\" href=\"https:\/\/www.alcudia-boat-rental.com\/yacht-charter-mallorca\/alquiler-yate-alcudia-princess-67-fly\/\">\n                            Ver detalles                        <\/a>\n                    <\/div>\n                <\/div>\n            <\/div>\n\n        \n            <div class=\"single-yate lazyload\" style=\"background-image:inherit\" data-bg-image=\"url(https:\/\/www.alcudia-boat-rental.com\/yacht-charter-mallorca\/wp-content\/uploads\/2026\/02\/sunseeker-manhattan-55-alcudia-bay-boat-rental-mallorca-41-scaled.jpg)\">\n                <a aria-label=\"SUNSEEKER MANHATTAN 55\" href=\"https:\/\/www.alcudia-boat-rental.com\/yacht-charter-mallorca\/alquila-yate-sunseeker-manhattan-55-soller\/\"><\/a>\n\n                <div class=\"text-content text-content--es\">\n                    <p class=\"title\">SUNSEEKER MANHATTAN 55<\/p>\n                    <i class=\"fa-solid fa-caret-down\"><\/i>\n                    <div class=\"control-features\">\n                        <div class=\"single-feature\">\n                            <p><span>Eslora:<\/span> 18.5 m<\/p>\n                        <\/div>\n                        <div class=\"single-feature\">\n                            <p><span>Camarotes:<\/span> 3<\/p>\n                        <\/div>\n                        <div class=\"single-feature\">\n                            <p><span>Desde:<\/span> 3430\u20ac<\/p>\n                        <\/div>\n                        <div class=\"single-feature capacidad\">\n                            <p><span>Capacidad:<\/span> 6 (noche) \/ 10 (d\u00eda)<\/p>\n                        <\/div>\n                        <div class=\"single-feature capacidad\">\n                            <p><span>Puerto:<\/span> S\u00f3ller<\/p>\n                        <\/div>\n                    <\/div>\n                <\/div>\n\n            <\/div>\n\n            <div class=\"single-yate-mobile\">\n                <div class=\"image lazyload\" style=\"background-image:inherit\" data-bg-image=\"url(https:\/\/www.alcudia-boat-rental.com\/yacht-charter-mallorca\/wp-content\/uploads\/2026\/02\/sunseeker-manhattan-55-alcudia-bay-boat-rental-mallorca-41-scaled.jpg)\"><\/div>\n                <div class=\"text\">\n                    <p class=\"title\">SUNSEEKER MANHATTAN 55<\/p>\n                    <div class=\"control-features\">\n                        <div class=\"single-feature\">\n                            <p><span>Eslora:<\/span> 18.5 m<\/p>\n                        <\/div>\n                        <div class=\"single-feature\">\n                            <p><span>Camarotes:<\/span> 3<\/p>\n                        <\/div>\n                        <div class=\"single-feature\">\n                            <p><span>Desde:<\/span> 3430\u20ac<\/p>\n                        <\/div>\n                        <div class=\"single-feature capacidad\">\n                            <p><span>Capacidad:<\/span> 6 (noche) \/ 10 (d\u00eda)<\/p>\n                        <\/div>\n                        <div class=\"single-feature capacidad\">\n                            <p><span>Puerto:<\/span> S\u00f3ller<\/p>\n                        <\/div>\n                    <\/div>\n                    <div class=\"button-container\">\n                        <a class=\"button\" href=\"https:\/\/www.alcudia-boat-rental.com\/yacht-charter-mallorca\/alquila-yate-sunseeker-manhattan-55-soller\/\">\n                            Ver detalles                        <\/a>\n                    <\/div>\n                <\/div>\n            <\/div>\n\n        \n            <div class=\"single-yate lazyload\" style=\"background-image:inherit\" data-bg-image=\"url(https:\/\/www.alcudia-boat-rental.com\/yacht-charter-mallorca\/wp-content\/smush-webp\/2026\/02\/sunseeker-manhattan-53-alcudia-bay-boat-rental-mallorca-26.png.webp)\">\n                <a aria-label=\"SUNSEEKER MANHATTAN 53\" href=\"https:\/\/www.alcudia-boat-rental.com\/yacht-charter-mallorca\/alquila-sunseeker-manhattan-53-palma\/\"><\/a>\n\n                <div class=\"text-content text-content--es\">\n                    <p class=\"title\">SUNSEEKER MANHATTAN 53<\/p>\n                    <i class=\"fa-solid fa-caret-down\"><\/i>\n                    <div class=\"control-features\">\n                        <div class=\"single-feature\">\n                            <p><span>Eslora:<\/span> 16<\/p>\n                        <\/div>\n                        <div class=\"single-feature\">\n                            <p><span>Camarotes:<\/span> 3<\/p>\n                        <\/div>\n                        <div class=\"single-feature\">\n                            <p><span>Desde:<\/span> 2770\u20ac<\/p>\n                        <\/div>\n                        <div class=\"single-feature capacidad\">\n                            <p><span>Capacidad:<\/span> 6 (noche) \/ 10 (d\u00eda)<\/p>\n                        <\/div>\n                        <div class=\"single-feature capacidad\">\n                            <p><span>Puerto:<\/span> Palma<\/p>\n                        <\/div>\n                    <\/div>\n                <\/div>\n\n            <\/div>\n\n            <div class=\"single-yate-mobile\">\n                <div class=\"image lazyload\" style=\"background-image:inherit\" data-bg-image=\"url(https:\/\/www.alcudia-boat-rental.com\/yacht-charter-mallorca\/wp-content\/smush-webp\/2026\/02\/sunseeker-manhattan-53-alcudia-bay-boat-rental-mallorca-26.png.webp)\"><\/div>\n                <div class=\"text\">\n                    <p class=\"title\">SUNSEEKER MANHATTAN 53<\/p>\n                    <div class=\"control-features\">\n                        <div class=\"single-feature\">\n                            <p><span>Eslora:<\/span> 16<\/p>\n                        <\/div>\n                        <div class=\"single-feature\">\n                            <p><span>Camarotes:<\/span> 3<\/p>\n                        <\/div>\n                        <div class=\"single-feature\">\n                            <p><span>Desde:<\/span> 2770\u20ac<\/p>\n                        <\/div>\n                        <div class=\"single-feature capacidad\">\n                            <p><span>Capacidad:<\/span> 6 (noche) \/ 10 (d\u00eda)<\/p>\n                        <\/div>\n                        <div class=\"single-feature capacidad\">\n                            <p><span>Puerto:<\/span> Palma<\/p>\n                        <\/div>\n                    <\/div>\n                    <div class=\"button-container\">\n                        <a class=\"button\" href=\"https:\/\/www.alcudia-boat-rental.com\/yacht-charter-mallorca\/alquila-sunseeker-manhattan-53-palma\/\">\n                            Ver detalles                        <\/a>\n                    <\/div>\n                <\/div>\n            <\/div>\n\n        \n            <div class=\"single-yate lazyload\" style=\"background-image:inherit\" data-bg-image=\"url(https:\/\/www.alcudia-boat-rental.com\/yacht-charter-mallorca\/wp-content\/smush-webp\/2026\/02\/pardo-43-alcudia-bay-boat-rental-mallorca-28-scaled.jpg.webp)\">\n                <a aria-label=\"PARDO 43 \" href=\"https:\/\/www.alcudia-boat-rental.com\/yacht-charter-mallorca\/alquilar-yate-pardo-43-palma\/\"><\/a>\n\n                <div class=\"text-content text-content--es\">\n                    <p class=\"title\">PARDO 43 <\/p>\n                    <i class=\"fa-solid fa-caret-down\"><\/i>\n                    <div class=\"control-features\">\n                        <div class=\"single-feature\">\n                            <p><span>Eslora:<\/span> 13 M<\/p>\n                        <\/div>\n                        <div class=\"single-feature\">\n                            <p><span>Camarotes:<\/span> 2<\/p>\n                        <\/div>\n                        <div class=\"single-feature\">\n                            <p><span>Desde:<\/span> 2220\u20ac<\/p>\n                        <\/div>\n                        <div class=\"single-feature capacidad\">\n                            <p><span>Capacidad:<\/span> 4 (noche) \/ 11 (d\u00eda)<\/p>\n                        <\/div>\n                        <div class=\"single-feature capacidad\">\n                            <p><span>Puerto:<\/span> PALMA<\/p>\n                        <\/div>\n                    <\/div>\n                <\/div>\n\n            <\/div>\n\n            <div class=\"single-yate-mobile\">\n                <div class=\"image lazyload\" style=\"background-image:inherit\" data-bg-image=\"url(https:\/\/www.alcudia-boat-rental.com\/yacht-charter-mallorca\/wp-content\/smush-webp\/2026\/02\/pardo-43-alcudia-bay-boat-rental-mallorca-28-scaled.jpg.webp)\"><\/div>\n                <div class=\"text\">\n                    <p class=\"title\">PARDO 43 <\/p>\n                    <div class=\"control-features\">\n                        <div class=\"single-feature\">\n                            <p><span>Eslora:<\/span> 13 M<\/p>\n                        <\/div>\n                        <div class=\"single-feature\">\n                            <p><span>Camarotes:<\/span> 2<\/p>\n                        <\/div>\n                        <div class=\"single-feature\">\n                            <p><span>Desde:<\/span> 2220\u20ac<\/p>\n                        <\/div>\n                        <div class=\"single-feature capacidad\">\n                            <p><span>Capacidad:<\/span> 4 (noche) \/ 11 (d\u00eda)<\/p>\n                        <\/div>\n                        <div class=\"single-feature capacidad\">\n                            <p><span>Puerto:<\/span> PALMA<\/p>\n                        <\/div>\n                    <\/div>\n                    <div class=\"button-container\">\n                        <a class=\"button\" href=\"https:\/\/www.alcudia-boat-rental.com\/yacht-charter-mallorca\/alquilar-yate-pardo-43-palma\/\">\n                            Ver detalles                        <\/a>\n                    <\/div>\n                <\/div>\n            <\/div>\n\n            <\/div>\n\n<\/div>\n\n<\/div><\/div>\n\n\n\n<article class=\"wp-block-group control-bg\"><div class=\"wp-block-group__inner-container is-layout-constrained wp-block-group-is-layout-constrained\">\n<div style=\"height:100px\" aria-hidden=\"true\" class=\"wp-block-spacer\"><\/div>\n\n\n\n<section class=\"wp-block-group info-generica\"><div class=\"wp-block-group__inner-container is-layout-constrained wp-block-group-is-layout-constrained\">\n<header class=\"wp-block-group\"><div class=\"wp-block-group__inner-container is-layout-constrained wp-block-group-is-layout-constrained\">\n<h2 class=\"wp-block-heading\">ALQUILER DE YATES EN MALLORCA<\/h2>\n<\/div><\/header>\n\n\n\n<div class=\"wp-block-group control-styles\"><div class=\"wp-block-group__inner-container is-layout-constrained wp-block-group-is-layout-constrained\">\n<p><em>Alcudia Bay Boat Rental, tras 12 a\u00f1os de existencia, se expande al mercado del alquiler de yates de lujo en Mallorca. Especialistas en la navegaci\u00f3n en la zona de Alcudia, disponemos de una amplia variedad de yates ubicados en el puerto de Alcudia, desde donde podr\u00e1 experimentar el confort de alquilar un superyate recorriendo las maravillosas aguas de Mallorca. Si tienes necesidad de salir de la rutina y sentir la libertad de la brisa del mar en un atardecer sobre las maravillosas aguas turquesas de Mallorca, esc\u00e1pate con nosotros y disfruta de todo lo que Mallorca te puede ofrecer. Nosotros te ayudaremos facilit\u00e1ndote todo lo necesario para que tus amigos\/familia\/compa\u00f1eros de trabajo y t\u00fa os pod\u00e1is sentir confortables en la aventura de descubrir Mallorca, alquilando un yate y visitando la isla desde el mar.<\/em><br><\/p>\n<\/div><\/div>\n<\/div><\/section>\n\n\n\n<section class=\"wp-block-group info-generica not-first\"><div class=\"wp-block-group__inner-container is-layout-constrained wp-block-group-is-layout-constrained\">\n<header class=\"wp-block-group\"><div class=\"wp-block-group__inner-container is-layout-constrained wp-block-group-is-layout-constrained\">\n<h2 class=\"wp-block-heading\">VIVE LA GRANDEZA DEL MAR MEDITERR\u00c1NEO ALQUILANDO YATES DE LUJO EN MALLORCA<\/h2>\n<\/div><\/header>\n\n\n\n<div class=\"wp-block-group control-styles\"><div class=\"wp-block-group__inner-container is-layout-constrained wp-block-group-is-layout-constrained\">\n<p><em>Si lo que amas es el lujo y el confort estar\u00e1s en buenas manos. En Alcudia Bay Boat Rental alquilamos yates de lujo en Mallorca. Nos caracterizamos por la discreci\u00f3n, confidencialidad y profesionalidad en las transacciones, doce a\u00f1os de experiencia nos avalan en ello. Despu\u00e9s de hacer una ardua selecci\u00f3n de los mejores yates de la bah\u00eda de Alcudia adaptados a tus necesidades, tu traves\u00eda n\u00e1utica so\u00f1ada estar\u00e1 tan solo a una reserva de distancia. Nuestra tripulaci\u00f3n a bordo estar\u00e1 siempre a tu lado para aconsejarte, tanto si prefieres una traves\u00eda tranquila en familia o aprovecharte de la vida nocturna que Mallorca y la bah\u00eda de Alcudia te van a ofrecer.<\/em><\/p>\n<\/div><\/div>\n<\/div><\/section>\n\n\n\n<section class=\"wp-block-group info-generica not-first\"><div class=\"wp-block-group__inner-container is-layout-constrained wp-block-group-is-layout-constrained\">\n<header class=\"wp-block-group\"><div class=\"wp-block-group__inner-container is-layout-constrained wp-block-group-is-layout-constrained\">\n<h2 class=\"wp-block-heading\">ALQUILA UN YATE POR UN D\u00cdA PARA VER MALLORCA<\/h2>\n\n\n\n<p><\/p>\n<\/div><\/header>\n\n\n\n<div class=\"wp-block-group control-styles\"><div class=\"wp-block-group__inner-container is-layout-constrained wp-block-group-is-layout-constrained\">\n<p><em><em>Pese que a que la opci\u00f3n preferida por nuestros clientes es alquilar un yate por un d\u00eda en Mallorca, nuestra oferta incluye tambi\u00e9n el alquiler de yates por semanas e incluso un mes\/meses; por ello, es importante que hagas la reserva cuanto antes, garantizando su disponibilidad y no perderte la experiencia. Ponte en contacto con nosotros cuanto antes y aprovecha la oportunidad de poder de disfrutar de la perla del Mediterr\u00e1neo, Mallorca. Alquilar un yate por m\u00e1s de un d\u00eda te ofrecer\u00e1 muchas experiencias inolvidables, como poder dormir bajo un cielo estrellado donde solo estar\u00e1s t\u00fa y quien elijas y el firmamento, con la tranquilidad a\u00f1adida de que estar\u00e1s acompa\u00f1ado y tendr\u00e1s la asistencia de la tripulaci\u00f3n en todo momento, velando por tu seguridad y bienestar. Adem\u00e1s, podr\u00e1s disfrutar de ba\u00f1os en suites o amplios camarotes con todo tipo de lujos te est\u00e1n esperando. Si lo unes a contemplar la inmensidad del oc\u00e9ano desde su cubierta arropado por la brisa del mar y la c\u00fapula celeste, \u00bfnecesitas pensarlo m\u00e1s?<\/em><\/em><\/p>\n<\/div><\/div>\n\n\n\n<h2 class=\"wp-block-heading\"><strong>ALQUILER DE YATES EN PALMA DE MALLORCA<\/strong><\/h2>\n\n\n\n<div class=\"wp-block-group control-styles\"><div class=\"wp-block-group__inner-container is-layout-constrained wp-block-group-is-layout-constrained\">\n<p><em><em>Pese que a que la opci\u00f3n preferida por nuestros clientes es alquilar un yate por un d\u00eda en Mallorca, nuestra oferta incluye tambi\u00e9n el a<\/em><\/em>Palma de Mallorca es la capital de la isla m\u00e1s grande de las Baleares, situada al sur de Mallorca, con unos <strong>400.000 habitantes<\/strong>, s\u00e9ptima ciudad m\u00e1s grande de Espa\u00f1a y el lugar con m\u00e1s ocio y m\u00e1s servicios de Mallorca. La <strong>bah\u00eda de Palma<\/strong> es la m\u00e1s grande de la isla, seguida de la bah\u00eda de Alc\u00fadia. Es el <strong>puerto m\u00e1s grande de las Baleares<\/strong> y uno de los m\u00e1s importantes del <strong>Mediterr\u00e1neo occidental<\/strong>, todo ello integrado en un entorno urbano de gran valor hist\u00f3rico y paisaj\u00edstico. \u00bfPor qu\u00e9 no alquilar un yate desde Palma de Mallorca?<\/p>\n\n\n\n<p>Si navegas alquilando un yate de lujo en direcci\u00f3n oeste desde Palma, se combinan zonas urbanas, calas de aguas turquesas y enclaves de gran prestigio n\u00e1utico y, adem\u00e1s, somos capaces de deslumbrar lugares paradis\u00edacos como <strong>Cala Blava<\/strong>, que destaca por su tranquilidad y aguas tan cristalinas que permiten ver el fondo mar\u00edtimo; o <strong>Cala Vella<\/strong>, playa casi intacta y virgen, famosa por su belleza visual y exclusividad; o <strong>Cala Comtessa<\/strong>, que destaca por su tranquilidad al ser una de las playas menos transitadas de Illetas; o <strong>Cala Xinxells<\/strong>, en Bendinat; o <strong>Cala Falc\u00f3<\/strong>; o <strong>Cala Fornells<\/strong>, todas ellas te deslumbrar\u00e1n, transformando la traves\u00eda en una experiencia que trasciende la navegaci\u00f3n, regal\u00e1ndote un mosaico de azules imposibles y refugios donde el tiempo se detiene.<\/p>\n\n\n\n<p>Navegar por la bah\u00eda de Palma ofrece aguas tranquilas, buenas infraestructuras y acceso r\u00e1pido a numerosas e incre\u00edbles playas; adem\u00e1s, te brinda la posibilidad de contemplar la majestuosa <strong>Catedral de la Seu<\/strong>, imponente tal cual se alza frente al mar como un guardi\u00e1n eterno de la ciudad, dominando el horizonte con la serenidad de los siglos. \u00bfA qu\u00e9 esperas? \u00a1Alquila un yate desde el Puerto de Palma de Mallorca ya!<em><em>lquiler de yates por semanas e incluso un mes\/meses; por ello, es importante que hagas la reserva cuanto antes, garantizando su disponibilidad y no perderte la experiencia. Ponte en contacto con nosotros cuanto antes y aprovecha la oportunidad de poder de disfrutar de la perla del Mediterr\u00e1neo, Mallorca. Alquilar un yate por m\u00e1s de un d\u00eda te ofrecer\u00e1 muchas experiencias inolvidables, como poder dormir bajo un cielo estrellado donde solo estar\u00e1s t\u00fa y quien elijas y el firmamento, con la tranquilidad a\u00f1adida de que estar\u00e1s acompa\u00f1ado y tendr\u00e1s la asistencia de la tripulaci\u00f3n en todo momento, velando por tu seguridad y bienestar. Adem\u00e1s, podr\u00e1s disfrutar de ba\u00f1os en suites o amplios camarotes con todo tipo de lujos te est\u00e1n esperando. Si lo unes a contemplar la inmensidad del oc\u00e9ano desde su cubierta arropado por la brisa del mar y la c\u00fapula celeste, \u00bfnecesitas pensarlo m\u00e1s?<\/em><\/em><\/p>\n<\/div><\/div>\n\n\n\n<p><\/p>\n\n\n\n<p><\/p>\n<\/div><\/section>\n\n\n\n<section class=\"wp-block-group info-generica not-first\"><div class=\"wp-block-group__inner-container is-layout-constrained wp-block-group-is-layout-constrained\">\n<header class=\"wp-block-group\"><div class=\"wp-block-group__inner-container is-layout-constrained wp-block-group-is-layout-constrained\">\n<h2 class=\"wp-block-heading\">ALQUILA UN YATE CON CAPIT\u00c1N Y\/O TRIPULACI\u00d3N EN MALLORCA<\/h2>\n<\/div><\/header>\n\n\n\n<div class=\"wp-block-group control-styles\"><div class=\"wp-block-group__inner-container is-layout-constrained wp-block-group-is-layout-constrained\">\n<p><em><em><em>Considerando el tremendo valor econ\u00f3mico de un yate, en Mallorca se alquilan con capit\u00e1n y\/o tripulaci\u00f3n, y nosotros no somos una excepci\u00f3n. Siempre es mejor estar en las manos expertas y experimentadas de profesionales del mar que te puedan aconsejar en el momento indicado. Salvo contadas excepciones, en Espa\u00f1a y Mallorca solo se permiten 11 pasajeros que no se consideran tripulaci\u00f3n profesional, independientemente de la eslora del yate. La legislaci\u00f3n espa\u00f1ola permite, adem\u00e1s de los 11 pasajeros, tripulaci\u00f3n profesional como cocineros, marineros, camareros, masajistas, capitanes y un amplio abanico de profesionales del mar. Disfruta de todo lo que el mar tiene que ofrecerte alquilando un yate con capit\u00e1n en Mallorca.<\/em><\/em><\/em><\/p>\n<\/div><\/div>\n<\/div><\/section>\n\n\n\n<section class=\"wp-block-group info-generica not-first\"><div class=\"wp-block-group__inner-container is-layout-constrained wp-block-group-is-layout-constrained\">\n<header class=\"wp-block-group\"><div class=\"wp-block-group__inner-container is-layout-constrained wp-block-group-is-layout-constrained\"><\/div><\/header>\n\n\n\n<header class=\"wp-block-group\"><div class=\"wp-block-group__inner-container is-layout-constrained wp-block-group-is-layout-constrained\">\n<h2 class=\"wp-block-heading\">ALQUILER DE YATES EN POLLENSA<\/h2>\n<\/div><\/header>\n\n\n\n<div class=\"wp-block-group control-styles\"><div class=\"wp-block-group__inner-container is-layout-constrained wp-block-group-is-layout-constrained\">\n<p>Alquilar yates en la bah\u00eda de Pollen\u00e7a es una experiencia \u00fanica. Situada entre Cabo Pinar, que divide la bah\u00eda de Alc\u00fadia y Pollen\u00e7a, y Cabo Formentor, es una bah\u00eda llena de riqueza natural. All\u00ed, donde acaba la Sierra de Tramuntana, Patrimonio Mundial de la Humanidad por la UNESCO, destaca por playas paradis\u00edacas como Playa de Formentor, una de las playas m\u00e1s famosas de Mallorca, coronada por el m\u00edtico Hotel Formentor, ahora llamado Four Seasons, o Cala Gossalba o Cala Murta, donde la naturaleza salvaje emerge del mar y de la monta\u00f1a y rodea playas paradis\u00edacas y solitarias.<\/p>\n\n\n\n<p>Disponemos de <strong>tres tipos de yates<\/strong> en Pollen\u00e7a para alquilar desde el <strong>Puerto de Pollen\u00e7a<\/strong> y navegar no solo por las playas tranquilas de Pollen\u00e7a, sino hasta <strong>Cala Figuera<\/strong> o m\u00e1s all\u00e1, en el lugar en el que las monta\u00f1as se fusionan con el mar en un espect\u00e1culo de acantilados escarpados que transforma el paisaje en un templo natural, donde el di\u00e1logo eterno entre la roca y el agua impone su grandeza y el silencio pesa casi tanto como la altura. No te lo puedes perder: alquila un yate desde el Puerto de Pollen\u00e7a con nosotros.<\/p>\n\n\n\n<p><\/p>\n<\/div><\/div>\n\n\n\n<h2 class=\"wp-block-heading\">ALQUILER DE YATES EN ALCUDIA<\/h2>\n\n\n\n<div class=\"wp-block-group control-styles\"><div class=\"wp-block-group__inner-container is-layout-constrained wp-block-group-is-layout-constrained\">\n<p><em><em><em><em>La bah\u00eda de Alcudia es una de las \u00e1reas m\u00e1s bellas de planeta Tierra; y no hay nada mejor que disfrutar de este entorno sin igual alquilando un yate en Alcudia. Tanto Can Picafort como Alcudia son los centros neur\u00e1lgicos de la bah\u00eda y son las zonas donde se encuentra la mayor oferta de ocio para personas exigentes, contando con una excelencia en la calidad y exclusividad en el servicio. Alcudia, con m\u00e1s de 20 mil habitantes, est\u00e1 ubicada en un punto estrat\u00e9gico, cerca del parque natural de Levante y de la bah\u00eda de Pollen\u00e7a y la sierra de Tramuntana, en plena naturaleza salvaje. Este enclave inigualable permite disfrutar de una asombrosa experiencia llena de exquisitez y encanto. Si optas por alquilar un yate por m\u00e1s de un d\u00eda, podr\u00e1s disfrutar de lo que el resto de la isla puede ofrecerte, podr\u00e1s visitar Cabrera, Formentor, La Calobra y un sinf\u00edn de rincones sorprendentes y extraordinarios.<\/em><\/em><\/em><\/em><\/p>\n\n\n\n<p><\/p>\n<\/div><\/div>\n<\/div><\/section>\n\n\n\n<section class=\"wp-block-group info-generica not-first\"><div class=\"wp-block-group__inner-container is-layout-constrained wp-block-group-is-layout-constrained\">\n<header class=\"wp-block-group\"><div class=\"wp-block-group__inner-container is-layout-constrained wp-block-group-is-layout-constrained\"><\/div><\/header>\n\n\n\n<header class=\"wp-block-group\"><div class=\"wp-block-group__inner-container is-layout-constrained wp-block-group-is-layout-constrained\">\n<h2 class=\"wp-block-heading\">ALQUILER DE YATES PRIVADOS EN MALLORCA<\/h2>\n<\/div><\/header>\n\n\n\n<div class=\"wp-block-group control-styles\"><div class=\"wp-block-group__inner-container is-layout-constrained wp-block-group-is-layout-constrained\">\n<p><em><em><em><em><em>Hay una gran oferta excursiones compartidas en yates grandes, pero nosotros no ofrecemos este servicio. Somos especialistas en ofrecer experiencias \u00fanicas, por ello trabajamos el alquiler de yates privados en Mallorca de forma exclusiva. As\u00ed, t\u00fa y tu c\u00edrculo \u00edntimo de amigos disfrutar\u00e9is del mar de forma privada, confidencial y reservada en un yate de lujo. La \u00fanica compa\u00f1\u00eda ser\u00e1 el capit\u00e1n y\/o tripulaci\u00f3n que estar\u00e1n a tu entera disposici\u00f3n en cualquier momento, siempre que la necesites. No hay nada como disfrutar del mar en un espacio amplio y reservado con unas vistas de ensue\u00f1o del Mar Mediterr\u00e1neo y de la propia isla de Mallorca. Todos los yates disponen de una tender, una embarcaci\u00f3n auxiliar, que har\u00e1 posible el desplazamiento al restaurante m\u00e1s privilegiado, exclusivo y\/o sofisticado de la zona, adem\u00e1s te permitir\u00e1 visitar las playas m\u00e1s ins\u00f3litas de forma segura. No lo dudes, si te gusta la exclusividad y el confort, conf\u00eda en nosotros para hacer tu reserva. Estar\u00e1s en las mejores manos.<\/em><\/em><\/em><\/em><\/em><\/p>\n<\/div><\/div>\n\n\n\n<h2 class=\"wp-block-heading\"><strong>ALQUILER DE YATES EN PUERTO DE S\u00d3LLER<\/strong><\/h2>\n\n\n\n<div class=\"wp-block-group control-styles\"><div class=\"wp-block-group__inner-container is-layout-constrained wp-block-group-is-layout-constrained\">\n<p>El Puerto de S\u00f3ller es un puerto natural al noroeste de la isla de Mallorca, uno de los puertos m\u00e1s protegidos de la isla y un refugio en medio de la <strong>Sierra de Tramuntana<\/strong> (Patrimonio Mundial de la Humanidad), ya que no existen puertos pr\u00f3ximos, por lo que es un puerto estrat\u00e9gico, no solo por su seguridad, sino por la naturaleza que lo rodea. A continuaci\u00f3n, solo unos pocos sitios de ejemplo que podr\u00e1s visitar alquilando un yate desde el puerto de S\u00f3ller:<\/p>\n\n\n\n<p>Playas como <strong>Sa Calobra<\/strong>, donde desemboca el <strong>Torrent de Pareis<\/strong>, y donde la geolog\u00eda se convierte en protagonista absoluto. <strong>Sa Foradada<\/strong>, donde los amantes del mar encontrar\u00e9is una formaci\u00f3n rocosa con un impresionante gran hueco, a tan solo <strong>5 millas del Puerto de S\u00f3ller<\/strong>. O la misma <strong>Cala Dei\u00e0<\/strong>, famosa por su belleza salvaje y art\u00edstica.<\/p>\n\n\n\n<p>Hay distintas formas de visitar S\u00f3ller, pero desde luego disfrutar de S\u00f3ller y de todos los misterios que le rodean alquilando un yate de lujo es un viaje sensorial s\u00f3lo reservado para aquellos amantes del mar sensibles que buscan un recuerdo esencialmente eterno.<\/p>\n<\/div><\/div>\n<\/div><\/section>\n\n\n\n<section class=\"wp-block-group info-generica not-first\"><div class=\"wp-block-group__inner-container is-layout-constrained wp-block-group-is-layout-constrained\">\n<header class=\"wp-block-group\"><div class=\"wp-block-group__inner-container is-layout-constrained wp-block-group-is-layout-constrained\">\n<h2 class=\"wp-block-heading\">ALQUILA UN YATE PRINCESS EN MALLORCA CON NOSOTROS.<\/h2>\n<\/div><\/header>\n\n\n\n<div class=\"wp-block-group control-styles\"><div class=\"wp-block-group__inner-container is-layout-constrained wp-block-group-is-layout-constrained\">\n<p><em><em><em><em><em><em>Existen marcas de yates de excelente calidad. Nosotros hemos hecho una selecci\u00f3n de las mejores marcas, como Sunseeker, Cranchi, Ulstein entre otras, y c\u00f3mo no, no pod\u00eda faltar tambi\u00e9n la posibilidad de alquilar un yate princess en Mallorca con Alcudia Bay Boat Rental. Este tipo de yate proviene de un astillero ingl\u00e9s fundado en 1965, con arquitectos navales tan c\u00e9lebres como Bernard Olesinski, quien en los a\u00f1os 80 dio un giro estrat\u00e9gico a la marca. Adem\u00e1s, Princess Yachts fue marca pionera entre los astilleros europeos en obtener la certificaci\u00f3n ISO 14001 en reconocimiento a sus esfuerzos por reducir el impacto ambiental.<\/em><\/em><\/em><\/em><\/em><\/em><\/p>\n<\/div><\/div>\n<\/div><\/section>\n\n\n\n<section class=\"wp-block-group info-generica not-first\"><div class=\"wp-block-group__inner-container is-layout-constrained wp-block-group-is-layout-constrained\">\n<header class=\"wp-block-group\"><div class=\"wp-block-group__inner-container is-layout-constrained wp-block-group-is-layout-constrained\">\n<h2 class=\"wp-block-heading\">ALQUILER DE YATES A MOTOR EN MALLORCA<\/h2>\n<\/div><\/header>\n\n\n\n<div class=\"wp-block-group control-styles\"><div class=\"wp-block-group__inner-container is-layout-constrained wp-block-group-is-layout-constrained\">\n<p><em><em><em><em><em><em><em>\u00bfPor qu\u00e9 alquilar yates a motor? Despu\u00e9s de 12 a\u00f1os alquilando barcos a motor en Mallorca, ha llegado el momento de ampliar nuestra experiencia y especializaci\u00f3n en alquiler de yates a motor. Lo peque\u00f1o se nos ha quedado peque\u00f1o, Lo que consider\u00e1bamos modesto, ahora resulta reducido. Las extraordinarias dimensiones de los yates a motor se traducen en confort y en bienestar y, ante cualquier imprevisto, un yate a motor te permite salir de la contingencia m\u00e1s desafiante de una manera r\u00e1pida, segura y totalmente confiable. Por todo ello hemos seleccionado los yates con las mejores marcas de motor, revisadas por servicios t\u00e9cnicos oficiales, porque la certeza de tu seguridad es la fuente de nuestra tranquilidad.<\/em><\/em><\/em><\/em><\/em><\/em><\/em><\/p>\n<\/div><\/div>\n<\/div><\/section>\n\n\n\n<section class=\"wp-block-group info-generica not-first\"><div class=\"wp-block-group__inner-container is-layout-constrained wp-block-group-is-layout-constrained\">\n<header class=\"wp-block-group\"><div class=\"wp-block-group__inner-container is-layout-constrained wp-block-group-is-layout-constrained\">\n<h2 class=\"wp-block-heading\">SUPERYATES EN MALLORCA<\/h2>\n<\/div><\/header>\n\n\n\n<div class=\"wp-block-group control-styles\"><div class=\"wp-block-group__inner-container is-layout-constrained wp-block-group-is-layout-constrained\">\n<p><em><em><em><em><em><em><em><em>Somos conocedores de que existen en Mallorca yates m\u00e1s grandes que los que ofrecemos, pero estos no se encuentran en puerto fijo como s\u00ed lo est\u00e1n los que ofrecemos. Normalmente, los superyates se localizan, en la temporada de verano, temporalmente en Croacia, en la Riviera francesa, en N\u00e1poles o incluso en el Caribe y solo una \u00ednfima porci\u00f3n del verano en las islas Baleares. Nuestros superyates se encuentran disponibles en todo momento en Mallorca, en puerto, mayoritariamente en la bah\u00eda de Alcudia. Esto brinda mucha mayor disponibilidad en el alquiler de nuestros megayates, sin problemas log\u00edsticos, sin un \u201cquiz\u00e1s\u201d como respuesta y con la garant\u00eda de excelencia que solo Alcudia Bay Boat Rental ofrece.<\/em><\/em><\/em><\/em><\/em><\/em><\/em><\/em><\/p>\n<\/div><\/div>\n<\/div><\/section>\n\n\n\n<section class=\"wp-block-group info-generica not-first\"><div class=\"wp-block-group__inner-container is-layout-constrained wp-block-group-is-layout-constrained\">\n<header class=\"wp-block-group\"><div class=\"wp-block-group__inner-container is-layout-constrained wp-block-group-is-layout-constrained\">\n<h2 class=\"wp-block-heading\">ALQUILA UN YATE POR SEMANAS<\/h2>\n<\/div><\/header>\n\n\n\n<div class=\"wp-block-group control-styles\"><div class=\"wp-block-group__inner-container is-layout-constrained wp-block-group-is-layout-constrained\">\n<p><em><em><em><em><em><em><em><em><em>Como ya hemos comentado, no solo puedes alquilar un yate por un d\u00eda, sino que tambi\u00e9n puedes alquilar tu yate preferido por semanas. Esta opci\u00f3n te dar\u00e1 la posibilidad de descubrir todo lo que Mallorca tiene que ofrecer, que es much\u00edsimo: desde Andratx a Pollensa, pasando por la Sierra de tramuntana, la cordillera m\u00e1s grande de Mallorca y Patrimonio de la Humanidad por la UNESCO, o las incomparables bah\u00edas de Alcudia o Pollensa, donde sus turquesas aguas son calmadas y transparentes, hasta el deleite de contemplar la cordillera de levante desde el yate, famosa su vitalidad y por la variedad de especies y riqueza biol\u00f3gica. La zona de levante, con sus innumerables calas, similares a las de Menorca, es una de las localizaciones favoritas. Podr\u00e1s ver la Catedral de Palma desde el mar, aut\u00e9ntico templo g\u00f3tico levantino que se asoma al mar sobre murallas romanas renacentistas. Todo eso y mucho m\u00e1s podr\u00e1s apreciar durante tu hospedaje a bordo de nuestros megayates. Adem\u00e1s, tendr\u00e1s la oportunidad de divertirte en las atracciones de ocio de cada destino, incluida la capital, Palma de Mallorca, si as\u00ed lo deseas. \u00bfPor qu\u00e9 alquilar un hotel si puedes alquilar un yate por una semana y hospedarte en un emplazamiento con todo tipo de lujos y comodidades con servicio exclusivo \u00fanicamente pendiente de tus necesidades?<\/em><\/em><\/em><\/em><\/em><\/em><\/em><\/em><\/em><\/p>\n<\/div><\/div>\n<\/div><\/section>\n\n\n\n<section class=\"wp-block-group info-generica not-first last-info\"><div class=\"wp-block-group__inner-container is-layout-constrained wp-block-group-is-layout-constrained\">\n<header class=\"wp-block-group\"><div class=\"wp-block-group__inner-container is-layout-constrained wp-block-group-is-layout-constrained\">\n<h2 class=\"wp-block-heading\">ALQUILER DE YATES EN MALLORCA: TU PROPIO RINC\u00d3N DE LUJO EN EL MAR<\/h2>\n<\/div><\/header>\n\n\n\n<div class=\"wp-block-group control-styles\"><div class=\"wp-block-group__inner-container is-layout-constrained wp-block-group-is-layout-constrained\">\n<p><em><em><em><em><em><em><em><em><em><em>\u00bfY si me canso del yate? No te vas a cansar, los yates con gran eslora se comportan muy bien con el oleaje, reduci\u00e9ndolo hasta percibir una sensaci\u00f3n de mar en calma. Como extras adicionales para garantizar tu entretenimiento, en muchos de nuestros yates podr\u00e1s disfrutar de jetsky, paddel surf, equipo de snorkel, tender e incluso servicio de cocina a bordo, por citar algunos. Como para aburrirse, \u00bfverdad? Es imposible. No lo pienses m\u00e1s, alquila uno de nuestros yates en Mallorca y disfruta de tu propio rinc\u00f3n de lujo en el mar. \u00a1No te arrepentir\u00e1s!<\/em><\/em><\/em><\/em><\/em><\/em><\/em><\/em><\/em><\/em><\/p>\n<\/div><\/div>\n<\/div><\/section>\n\n\n\n<div style=\"height:150px\" aria-hidden=\"true\" class=\"wp-block-spacer\"><\/div>\n<\/div><\/article>\n","protected":false},"excerpt":{"rendered":"<p>Alquiler de yates de lujo en Mallorca Alcudia Bay Boat Rental pone a su disposici\u00f3n una amplia selecci\u00f3n de yates de lujo para&nbsp;alquilar en Mallorca, especialmente en la bah\u00eda de Alcudia. Nuestros yates no solo destacan por su belleza y lujo, sino tambi\u00e9n por estar a la vanguardia tecnol\u00f3gica, los cuales le llevar\u00e1n a universos [&hellip;]<\/p>\n","protected":false},"author":1,"featured_media":868,"parent":0,"menu_order":0,"comment_status":"closed","ping_status":"closed","template":"page-templates\/page-full-width.php","meta":{"_acf_changed":false,"_genesis_hide_title":false,"_genesis_hide_breadcrumbs":false,"_genesis_hide_singular_image":false,"_genesis_hide_footer_widgets":false,"_genesis_custom_body_class":"","_genesis_custom_post_class":"","_genesis_layout":"","footnotes":""},"class_list":{"0":"post-2","1":"page","2":"type-page","3":"status-publish","4":"has-post-thumbnail","6":"entry"},"acf":[],"_links":{"self":[{"href":"https:\/\/www.alcudia-boat-rental.com\/yacht-charter-mallorca\/wp-json\/wp\/v2\/pages\/2","targetHints":{"allow":["GET"]}}],"collection":[{"href":"https:\/\/www.alcudia-boat-rental.com\/yacht-charter-mallorca\/wp-json\/wp\/v2\/pages"}],"about":[{"href":"https:\/\/www.alcudia-boat-rental.com\/yacht-charter-mallorca\/wp-json\/wp\/v2\/types\/page"}],"author":[{"embeddable":true,"href":"https:\/\/www.alcudia-boat-rental.com\/yacht-charter-mallorca\/wp-json\/wp\/v2\/users\/1"}],"replies":[{"embeddable":true,"href":"https:\/\/www.alcudia-boat-rental.com\/yacht-charter-mallorca\/wp-json\/wp\/v2\/comments?post=2"}],"version-history":[{"count":69,"href":"https:\/\/www.alcudia-boat-rental.com\/yacht-charter-mallorca\/wp-json\/wp\/v2\/pages\/2\/revisions"}],"predecessor-version":[{"id":2313,"href":"https:\/\/www.alcudia-boat-rental.com\/yacht-charter-mallorca\/wp-json\/wp\/v2\/pages\/2\/revisions\/2313"}],"wp:featuredmedia":[{"embeddable":true,"href":"https:\/\/www.alcudia-boat-rental.com\/yacht-charter-mallorca\/wp-json\/wp\/v2\/media\/868"}],"wp:attachment":[{"href":"https:\/\/www.alcudia-boat-rental.com\/yacht-charter-mallorca\/wp-json\/wp\/v2\/media?parent=2"}],"curies":[{"name":"wp","href":"https:\/\/api.w.org\/{rel}","templated":true}]}}